{"id":449,"date":"2022-11-17T18:11:55","date_gmt":"2022-11-17T18:11:55","guid":{"rendered":"https:\/\/pole-de-sante-egreville.fr\/?page_id=449"},"modified":"2022-11-17T18:12:52","modified_gmt":"2022-11-17T18:12:52","slug":"le-diabete","status":"publish","type":"page","link":"https:\/\/pole-de-sante-egreville.fr\/?page_id=449","title":{"rendered":"Le Diab\u00e8te"},"content":{"rendered":"\t\t<div data-elementor-type=\"wp-page\" data-elementor-id=\"449\" class=\"elementor elementor-449\">\n\t\t\t\t\t\t<section class=\"elementor-section elementor-top-section elementor-element elementor-element-99093ba elementor-section-boxed elementor-section-height-default elementor-section-height-default\" data-id=\"99093ba\" data-element_type=\"section\" data-e-type=\"section\">\n\t\t\t\t\t\t<div class=\"elementor-container elementor-column-gap-default\">\n\t\t\t\t\t<div class=\"elementor-column elementor-col-100 elementor-top-column elementor-element elementor-element-ebc11e5\" data-id=\"ebc11e5\" data-element_type=\"column\" data-e-type=\"column\">\n\t\t\t<div class=\"elementor-widget-wrap elementor-element-populated\">\n\t\t\t\t\t\t<div class=\"elementor-element elementor-element-923e14a elementor-widget elementor-widget-text-editor\" data-id=\"923e14a\" data-element_type=\"widget\" data-e-type=\"widget\" data-widget_type=\"text-editor.default\">\n\t\t\t\t<div class=\"elementor-widget-container\">\n\t\t\t\t\t\t\t\t\t<section class=\"elementor-section elementor-top-section elementor-element elementor-element-da4a630 elementor-section-boxed elementor-section-height-default elementor-section-height-default\" data-id=\"da4a630\" data-element_type=\"section\">\n<div class=\"elementor-container elementor-column-gap-default\">\n<div class=\"elementor-row\">\n<div class=\"elementor-column elementor-col-100 elementor-top-column elementor-element elementor-element-ded95dd\" data-id=\"ded95dd\" data-element_type=\"column\">\n<div class=\"elementor-column-wrap elementor-element-populated\">\n<div class=\"elementor-widget-wrap\">\n<div class=\"elementor-element elementor-element-99a6bf3 elementor-widget elementor-widget-text-editor\" data-id=\"99a6bf3\" data-element_type=\"widget\" data-widget_type=\"text-editor.default\">\n<div class=\"elementor-widget-container\">\n<div class=\"elementor-text-editor elementor-clearfix\">\n<p><strong>Parce<\/strong><strong>&nbsp;que le diab\u00e8te reste un d\u00e9fi :<\/strong><br>en France la pr\u00e9valence du diab\u00e8te atteignait 4,7% en 2013 ; le co\u00fbt des traitements m\u00e9dicamenteux avait atteint la somme de 7,7 milliards d\u2019euros.<br>Les complications n\u2019ont pas, pour autant, diminu\u00e9 : le diab\u00e8te reste, en France, la premi\u00e8re cause de c\u00e9cit\u00e9 avant 60 ans, d\u2019insuffisance r\u00e9nale terminale et d\u2019h\u00e9modialyse, d\u2019amputation non traumatique.<br><br><\/p>\n<\/div>\n<\/div>\n<\/div>\n<\/div>\n<\/div>\n<\/div>\n<\/div>\n<\/div>\n<\/section>\n<section class=\"elementor-section elementor-top-section elementor-element elementor-element-954f327 elementor-section-boxed elementor-section-height-default elementor-section-height-default\" data-id=\"954f327\" data-element_type=\"section\">\n<div class=\"elementor-container elementor-column-gap-default\">\n<div class=\"elementor-row\">\n<div class=\"elementor-column elementor-col-100 elementor-top-column elementor-element elementor-element-0895d20\" data-id=\"0895d20\" data-element_type=\"column\">\n<div class=\"elementor-column-wrap elementor-element-populated\">\n<div class=\"elementor-widget-wrap\">\n<div class=\"elementor-element elementor-element-e777f6f elementor-widget elementor-widget-heading\" data-id=\"e777f6f\" data-element_type=\"widget\" data-widget_type=\"heading.default\">\n<div class=\"elementor-widget-container\">\n<h4><u>Comment pr\u00e9venir les complications :<br><\/u><br><\/h4>\n<\/div>\n<\/div>\n<\/div>\n<\/div>\n<\/div>\n<\/div>\n<\/div>\n<\/section>\n<section class=\"elementor-section elementor-top-section elementor-element elementor-element-a0dd289 elementor-section-boxed elementor-section-height-default elementor-section-height-default\" data-id=\"a0dd289\" data-element_type=\"section\">\n<div class=\"elementor-container elementor-column-gap-default\">\n<div class=\"elementor-row\">\n<div class=\"elementor-column elementor-col-100 elementor-top-column elementor-element elementor-element-2dca9ed\" data-id=\"2dca9ed\" data-element_type=\"column\">\n<div class=\"elementor-column-wrap elementor-element-populated\">\n<div class=\"elementor-widget-wrap\">\n<div class=\"elementor-element elementor-element-3434497 elementor-widget elementor-widget-text-editor\" data-id=\"3434497\" data-element_type=\"widget\" data-widget_type=\"text-editor.default\">\n<div class=\"elementor-widget-container\">\n<div class=\"elementor-text-editor elementor-clearfix\">\n<p><strong>\u25ba&nbsp;par une correction aussi pr\u00e9coce et aussi ajust\u00e9e que possible :<\/strong><br>\u2013 d\u2019une activit\u00e9 physique insuffisante.<br>\u2013 d\u2019une alimentation inadapt\u00e9e<br>\u2013 de la glyc\u00e9mie.<br>\u2013 de la pression art\u00e9rielle.<br>\u2013 des param\u00e8tres lipidiques.<br>\u2013 d\u2019un \u00e9ventuel syndrome d\u2019apn\u00e9e du sommeil.<br>\u2013 d\u2019une \u00e9ventuelle consommation de tabac\u2026<\/p>\n<p><strong>\u25ba&nbsp;par un bilan annuel de pr\u00e9vention de la micro-angiopathie<\/strong><br><strong>d\u00e9pister la n\u00e9phropathie diab\u00e9tique.<\/strong><br>\u2013&nbsp;<em>pourquoi<\/em>&nbsp;: les diab\u00e9tiques repr\u00e9sentent 30% des personnes n\u00e9cessitant une dialyse et cette proportion ne cesse d\u2019augmenter.<br>\u2013&nbsp;<em>Comment<\/em>&nbsp;: par le recherche de la micro albuminurie sur \u00e9chantillon d\u2019urines. En cas de positivit\u00e9, une quantification sur urines de 24 h sera propos\u00e9e.<br>\u2013&nbsp;<em>R\u00e9sultat<\/em>&nbsp;: en cas de positivit\u00e9, votre m\u00e9decin vous proposera un traitement protecteur pour le rein.<br><strong>\u2013 d\u00e9pister la neuropathie diab\u00e9tique.<\/strong><br>\u2013&nbsp;<em>pourquoi<\/em>&nbsp;le diab\u00e8te multiplie le risque d\u2019amputation par 10 \u00e0 30<br>\u2013&nbsp;<em>comment<\/em>&nbsp;par un examen simple : le test au filament<br>\u2013&nbsp;<em>r\u00e9sultat ?<\/em>&nbsp;en cas d\u2019anomalie, communication de conseils de pr\u00e9vention, invitation \u00e0 participer \u00e0 un atelier<br>de pr\u00e9vention pied.<br>Possibilit\u00e9 de consulter un podologue \u00e0 la recherche d\u2019une anomalie morphologique<br>du pied ; Suivi podologique recommand\u00e9 aupr\u00e8s d\u2019un podologue agr\u00e9\u00e9 si la neuropathie s\u2019associe \u00e0 une<br>art\u00e9rite ou une anomalie morphologique<\/p>\n<p>\u25ba&nbsp;<strong>p<\/strong><strong>ar un bilan annuel de pr\u00e9vention de la macro-angiopathie<\/strong><br>\u2013<em>pourquoi&nbsp;<\/em>: parce que 2\/3 des personnes diab\u00e8tiques meurent de complications cardiovasculaires<br>\u2013<em>comment<\/em>&nbsp;: par un contr\u00f4le r\u00e9gulier chez le cardiologue, et si besoin, chez l\u2019angiologue<br>\u2013 votre m\u00e9decin vous propose une \u00e9valuation du risque cardiovasculaire et de la cible du LDL cholest\u00e9rol, une aide \u00e0 l\u2019automesure tensionnelle, au sevrage tabagique, au d\u00e9pistage de l\u2019apn\u00e9e du sommeil.<\/p>\n<\/div>\n<\/div>\n<\/div>\n<\/div>\n<\/div>\n<\/div>\n<\/div>\n<\/div>\n<\/section>\t\t\t\t\t\t\t\t<\/div>\n\t\t\t\t<\/div>\n\t\t\t\t\t<\/div>\n\t\t<\/div>\n\t\t\t\t\t<\/div>\n\t\t<\/section>\n\t\t\t\t<\/div>\n\t\t","protected":false},"excerpt":{"rendered":"<p>Parce&nbsp;que le diab\u00e8te reste un d\u00e9fi :en France la pr\u00e9valence du diab\u00e8te atteignait 4,7% en 2013 ; le co\u00fbt des traitements m\u00e9dicamenteux avait atteint la somme de 7,7 milliards d\u2019euros.Les complications n\u2019ont pas, pour autant, diminu\u00e9 : le diab\u00e8te reste, &hellip;<\/p>\n<p class=\"read-more\"> <a class=\"more-link\" href=\"https:\/\/pole-de-sante-egreville.fr\/?page_id=449\"> <span class=\"screen-reader-text\">Le Diab\u00e8te<\/span> Read More &raquo;<\/a><\/p>\n","protected":false},"author":1,"featured_media":0,"parent":0,"menu_order":0,"comment_status":"closed","ping_status":"closed","template":"","meta":{"footnotes":""},"class_list":["post-449","page","type-page","status-publish","hentry"],"yoast_head":"<!-- This site is optimized with the Yoast SEO plugin v27.5 - https:\/\/yoast.com\/product\/yoast-seo-wordpress\/ -->\n<title>Le Diab\u00e8te - P\u00f4le de Sant\u00e9 d&#039;Egreville<\/title>\n<meta name=\"robots\" content=\"index, follow, max-snippet:-1, max-image-preview:large, max-video-preview:-1\" \/>\n<link rel=\"canonical\" href=\"https:\/\/pole-de-sante-egreville.fr\/?page_id=449\" \/>\n<meta property=\"og:locale\" content=\"fr_FR\" \/>\n<meta property=\"og:type\" content=\"article\" \/>\n<meta property=\"og:title\" content=\"Le Diab\u00e8te - P\u00f4le de Sant\u00e9 d&#039;Egreville\" \/>\n<meta property=\"og:description\" content=\"Parce&nbsp;que le diab\u00e8te reste un d\u00e9fi :en France la pr\u00e9valence du diab\u00e8te atteignait 4,7% en 2013 ; le co\u00fbt des traitements m\u00e9dicamenteux avait atteint la somme de 7,7 milliards d\u2019euros.Les complications n\u2019ont pas, pour autant, diminu\u00e9 : le diab\u00e8te reste, &hellip; Le Diab\u00e8te Read More &raquo;\" \/>\n<meta property=\"og:url\" content=\"https:\/\/pole-de-sante-egreville.fr\/?page_id=449\" \/>\n<meta property=\"og:site_name\" content=\"P\u00f4le de Sant\u00e9 d&#039;Egreville\" \/>\n<meta property=\"article:modified_time\" content=\"2022-11-17T18:12:52+00:00\" \/>\n<meta name=\"twitter:card\" content=\"summary_large_image\" \/>\n<meta name=\"twitter:label1\" content=\"Dur\u00e9e de lecture estim\u00e9e\" \/>\n\t<meta name=\"twitter:data1\" content=\"2 minutes\" \/>\n<script type=\"application\/ld+json\" class=\"yoast-schema-graph\">{\"@context\":\"https:\\\/\\\/schema.org\",\"@graph\":[{\"@type\":\"WebPage\",\"@id\":\"https:\\\/\\\/pole-de-sante-egreville.fr\\\/?page_id=449\",\"url\":\"https:\\\/\\\/pole-de-sante-egreville.fr\\\/?page_id=449\",\"name\":\"Le Diab\u00e8te - P\u00f4le de Sant\u00e9 d&#039;Egreville\",\"isPartOf\":{\"@id\":\"https:\\\/\\\/pole-de-sante-egreville.fr\\\/#website\"},\"datePublished\":\"2022-11-17T18:11:55+00:00\",\"dateModified\":\"2022-11-17T18:12:52+00:00\",\"breadcrumb\":{\"@id\":\"https:\\\/\\\/pole-de-sante-egreville.fr\\\/?page_id=449#breadcrumb\"},\"inLanguage\":\"fr-FR\",\"potentialAction\":[{\"@type\":\"ReadAction\",\"target\":[\"https:\\\/\\\/pole-de-sante-egreville.fr\\\/?page_id=449\"]}]},{\"@type\":\"BreadcrumbList\",\"@id\":\"https:\\\/\\\/pole-de-sante-egreville.fr\\\/?page_id=449#breadcrumb\",\"itemListElement\":[{\"@type\":\"ListItem\",\"position\":1,\"name\":\"Accueil\",\"item\":\"https:\\\/\\\/pole-de-sante-egreville.fr\\\/\"},{\"@type\":\"ListItem\",\"position\":2,\"name\":\"Le Diab\u00e8te\"}]},{\"@type\":\"WebSite\",\"@id\":\"https:\\\/\\\/pole-de-sante-egreville.fr\\\/#website\",\"url\":\"https:\\\/\\\/pole-de-sante-egreville.fr\\\/\",\"name\":\"P\u00f4le de Sant\u00e9 d&#039;Egreville\",\"description\":\"M\u00e9dicaux et Param\u00e9dicaux\",\"publisher\":{\"@id\":\"https:\\\/\\\/pole-de-sante-egreville.fr\\\/#organization\"},\"alternateName\":\"Maison de Sant\u00e9 d'Egreville\",\"potentialAction\":[{\"@type\":\"SearchAction\",\"target\":{\"@type\":\"EntryPoint\",\"urlTemplate\":\"https:\\\/\\\/pole-de-sante-egreville.fr\\\/?s={search_term_string}\"},\"query-input\":{\"@type\":\"PropertyValueSpecification\",\"valueRequired\":true,\"valueName\":\"search_term_string\"}}],\"inLanguage\":\"fr-FR\"},{\"@type\":\"Organization\",\"@id\":\"https:\\\/\\\/pole-de-sante-egreville.fr\\\/#organization\",\"name\":\"P\u00f4le de Sant\u00e9 d&#039;Egreville\",\"url\":\"https:\\\/\\\/pole-de-sante-egreville.fr\\\/\",\"logo\":{\"@type\":\"ImageObject\",\"inLanguage\":\"fr-FR\",\"@id\":\"https:\\\/\\\/pole-de-sante-egreville.fr\\\/#\\\/schema\\\/logo\\\/image\\\/\",\"url\":\"https:\\\/\\\/pole-de-sante-egreville.fr\\\/wp-content\\\/uploads\\\/2022\\\/11\\\/pole-sante-1024x768-1.jpg\",\"contentUrl\":\"https:\\\/\\\/pole-de-sante-egreville.fr\\\/wp-content\\\/uploads\\\/2022\\\/11\\\/pole-sante-1024x768-1.jpg\",\"width\":1024,\"height\":768,\"caption\":\"P\u00f4le de Sant\u00e9 d&#039;Egreville\"},\"image\":{\"@id\":\"https:\\\/\\\/pole-de-sante-egreville.fr\\\/#\\\/schema\\\/logo\\\/image\\\/\"}}]}<\/script>\n<!-- \/ Yoast SEO plugin. -->","yoast_head_json":{"title":"Le Diab\u00e8te - P\u00f4le de Sant\u00e9 d&#039;Egreville","robots":{"index":"index","follow":"follow","max-snippet":"max-snippet:-1","max-image-preview":"max-image-preview:large","max-video-preview":"max-video-preview:-1"},"canonical":"https:\/\/pole-de-sante-egreville.fr\/?page_id=449","og_locale":"fr_FR","og_type":"article","og_title":"Le Diab\u00e8te - P\u00f4le de Sant\u00e9 d&#039;Egreville","og_description":"Parce&nbsp;que le diab\u00e8te reste un d\u00e9fi :en France la pr\u00e9valence du diab\u00e8te atteignait 4,7% en 2013 ; le co\u00fbt des traitements m\u00e9dicamenteux avait atteint la somme de 7,7 milliards d\u2019euros.Les complications n\u2019ont pas, pour autant, diminu\u00e9 : le diab\u00e8te reste, &hellip; Le Diab\u00e8te Read More &raquo;","og_url":"https:\/\/pole-de-sante-egreville.fr\/?page_id=449","og_site_name":"P\u00f4le de Sant\u00e9 d&#039;Egreville","article_modified_time":"2022-11-17T18:12:52+00:00","twitter_card":"summary_large_image","twitter_misc":{"Dur\u00e9e de lecture estim\u00e9e":"2 minutes"},"schema":{"@context":"https:\/\/schema.org","@graph":[{"@type":"WebPage","@id":"https:\/\/pole-de-sante-egreville.fr\/?page_id=449","url":"https:\/\/pole-de-sante-egreville.fr\/?page_id=449","name":"Le Diab\u00e8te - P\u00f4le de Sant\u00e9 d&#039;Egreville","isPartOf":{"@id":"https:\/\/pole-de-sante-egreville.fr\/#website"},"datePublished":"2022-11-17T18:11:55+00:00","dateModified":"2022-11-17T18:12:52+00:00","breadcrumb":{"@id":"https:\/\/pole-de-sante-egreville.fr\/?page_id=449#breadcrumb"},"inLanguage":"fr-FR","potentialAction":[{"@type":"ReadAction","target":["https:\/\/pole-de-sante-egreville.fr\/?page_id=449"]}]},{"@type":"BreadcrumbList","@id":"https:\/\/pole-de-sante-egreville.fr\/?page_id=449#breadcrumb","itemListElement":[{"@type":"ListItem","position":1,"name":"Accueil","item":"https:\/\/pole-de-sante-egreville.fr\/"},{"@type":"ListItem","position":2,"name":"Le Diab\u00e8te"}]},{"@type":"WebSite","@id":"https:\/\/pole-de-sante-egreville.fr\/#website","url":"https:\/\/pole-de-sante-egreville.fr\/","name":"P\u00f4le de Sant\u00e9 d&#039;Egreville","description":"M\u00e9dicaux et Param\u00e9dicaux","publisher":{"@id":"https:\/\/pole-de-sante-egreville.fr\/#organization"},"alternateName":"Maison de Sant\u00e9 d'Egreville","potentialAction":[{"@type":"SearchAction","target":{"@type":"EntryPoint","urlTemplate":"https:\/\/pole-de-sante-egreville.fr\/?s={search_term_string}"},"query-input":{"@type":"PropertyValueSpecification","valueRequired":true,"valueName":"search_term_string"}}],"inLanguage":"fr-FR"},{"@type":"Organization","@id":"https:\/\/pole-de-sante-egreville.fr\/#organization","name":"P\u00f4le de Sant\u00e9 d&#039;Egreville","url":"https:\/\/pole-de-sante-egreville.fr\/","logo":{"@type":"ImageObject","inLanguage":"fr-FR","@id":"https:\/\/pole-de-sante-egreville.fr\/#\/schema\/logo\/image\/","url":"https:\/\/pole-de-sante-egreville.fr\/wp-content\/uploads\/2022\/11\/pole-sante-1024x768-1.jpg","contentUrl":"https:\/\/pole-de-sante-egreville.fr\/wp-content\/uploads\/2022\/11\/pole-sante-1024x768-1.jpg","width":1024,"height":768,"caption":"P\u00f4le de Sant\u00e9 d&#039;Egreville"},"image":{"@id":"https:\/\/pole-de-sante-egreville.fr\/#\/schema\/logo\/image\/"}}]}},"_links":{"self":[{"href":"https:\/\/pole-de-sante-egreville.fr\/index.php?rest_route=\/wp\/v2\/pages\/449","targetHints":{"allow":["GET"]}}],"collection":[{"href":"https:\/\/pole-de-sante-egreville.fr\/index.php?rest_route=\/wp\/v2\/pages"}],"about":[{"href":"https:\/\/pole-de-sante-egreville.fr\/index.php?rest_route=\/wp\/v2\/types\/page"}],"author":[{"embeddable":true,"href":"https:\/\/pole-de-sante-egreville.fr\/index.php?rest_route=\/wp\/v2\/users\/1"}],"replies":[{"embeddable":true,"href":"https:\/\/pole-de-sante-egreville.fr\/index.php?rest_route=%2Fwp%2Fv2%2Fcomments&post=449"}],"version-history":[{"count":4,"href":"https:\/\/pole-de-sante-egreville.fr\/index.php?rest_route=\/wp\/v2\/pages\/449\/revisions"}],"predecessor-version":[{"id":453,"href":"https:\/\/pole-de-sante-egreville.fr\/index.php?rest_route=\/wp\/v2\/pages\/449\/revisions\/453"}],"wp:attachment":[{"href":"https:\/\/pole-de-sante-egreville.fr\/index.php?rest_route=%2Fwp%2Fv2%2Fmedia&parent=449"}],"curies":[{"name":"wp","href":"https:\/\/api.w.org\/{rel}","templated":true}]}}