{"id":346,"date":"2022-11-16T10:59:10","date_gmt":"2022-11-16T10:59:10","guid":{"rendered":"https:\/\/pole-de-sante-egreville.fr\/?page_id=346"},"modified":"2025-07-12T09:15:36","modified_gmt":"2025-07-12T09:15:36","slug":"recommandations-vaccinales","status":"publish","type":"page","link":"https:\/\/pole-de-sante-egreville.fr\/?page_id=346","title":{"rendered":"Recommandations vaccinales"},"content":{"rendered":"\t\t<div data-elementor-type=\"wp-page\" data-elementor-id=\"346\" class=\"elementor elementor-346\">\n\t\t\t\t\t\t<section class=\"elementor-section elementor-top-section elementor-element elementor-element-11144bb elementor-section-boxed elementor-section-height-default elementor-section-height-default\" data-id=\"11144bb\" data-element_type=\"section\" data-e-type=\"section\">\n\t\t\t\t\t\t<div class=\"elementor-container elementor-column-gap-default\">\n\t\t\t\t\t<div class=\"elementor-column elementor-col-100 elementor-top-column elementor-element elementor-element-c14b7b7\" data-id=\"c14b7b7\" data-element_type=\"column\" data-e-type=\"column\">\n\t\t\t<div class=\"elementor-widget-wrap elementor-element-populated\">\n\t\t\t\t\t\t<div class=\"elementor-element elementor-element-ec4ddd5 elementor-widget elementor-widget-text-editor\" data-id=\"ec4ddd5\" data-element_type=\"widget\" data-e-type=\"widget\" data-widget_type=\"text-editor.default\">\n\t\t\t\t<div class=\"elementor-widget-container\">\n\t\t\t\t\t\t\t\t\t<h4 id=\"Points-cles-sur-les-nouveautes-du-calendrier-des-vaccinations-nbsp\" class=\"spip\">Points-cl\u00e9s sur les nouveaut\u00e9s du calendrier des vaccinations 2023<\/h4><p><span class=\"spip-puce ltr\"><b>\u2013<\/b><\/span>\u00a0La vaccination contre les Rotavirus est d\u00e9sormais recommand\u00e9e chez l\u2019ensemble des nourrissons, selon un sch\u00e9ma vaccinal \u00e0 deux doses (\u00e0 2 et 3 mois de vie) pour le vaccin Rotarix\u00ae et \u00e0 trois doses (\u00e0 2, 3 et 4 mois de vie) pour le vaccin RotaTeq\u00ae. Le strict respect de ce calendrier vaccinal est primordial afin d\u2019assurer la compl\u00e9tude du sch\u00e9ma vaccinal avant l\u2019\u00e2ge limite (6 mois pour Rotarix\u00ae et 8 mois pour RotaTeq\u00ae).<\/p><p><span class=\"spip-puce ltr\"><b>\u2013<\/b><\/span>\u00a0La vaccination annuelle contre la grippe saisonni\u00e8re peut \u00eatre propos\u00e9e aux enfants sans comorbidit\u00e9 \u00e2g\u00e9s de 2 \u00e0 17 ans r\u00e9volus. La Haute Autorit\u00e9 de Sant\u00e9 recommande d\u2019utiliser pr\u00e9f\u00e9rentiellement le vaccin administr\u00e9 par voie intranasale. En cas d\u2019indisponibilit\u00e9 du vaccin intranasal, les autres vaccins antigrippaux qui disposent d\u2019une autorisation de mise sur le march\u00e9 chez l\u2019enfant peuvent \u00eatre utilis\u00e9s.<\/p><p><span class=\"spip-puce ltr\"><b>\u2013<\/b><\/span>\u00a0Le vaccin MenQuadfi\u00ae compl\u00e8te l\u2019offre de vaccination contre les infections invasives \u00e0 m\u00e9ningocoques de s\u00e9rogroupes A, C, W, Y.<\/p><p><span class=\"spip-puce ltr\"><b>\u2013<\/b><\/span>\u00a0La loi de financement de la S\u00e9curit\u00e9 Sociale pour 2023 a \u00e9tendu les comp\u00e9tences des pharmaciens, des infirmiers et des sages-femmes en mati\u00e8re de prescription et d\u2019administration des vaccins. Les conditions d\u2019application de ces nouvelles comp\u00e9tences (formation, tra\u00e7abilit\u00e9, \u2026), ainsi que la liste des vaccins et le public cible pour chacune de ces professions de sant\u00e9 seront pr\u00e9cis\u00e9s par des textes r\u00e9glementaires qui seront publi\u00e9s dans le courant de l\u2019ann\u00e9e 2023.<\/p><p>Les recommandations vaccinales concernant les infections invasives \u00e0 Haemophilus influenza de type b et \u00e0 m\u00e9ningocoques sont susceptibles d\u2019\u00eatre modifi\u00e9es en fonction de l\u2019\u00e9volution du nombre de cas. Par ailleurs, les recommandations relatives \u00e0 la vaccination des personnes immunod\u00e9prim\u00e9es seront actualis\u00e9es au cours de l\u2019ann\u00e9e 2023. Les professionnels sont invit\u00e9s \u00e0 consulter r\u00e9guli\u00e8rement le site du minist\u00e8re charg\u00e9 de la sant\u00e9 sur lequel est publi\u00e9e la version dat\u00e9e.<\/p><p>Enfin, depuis 2022, le carnet de vaccination \u00e9lectronique est inclus dans l\u2019espace num\u00e9rique en sant\u00e9 \u00ab\u00a0<a href=\"https:\/\/sante.gouv.fr\/systeme-de-sante\/e-sante\/mon-espace-sante\/article\/mon-espace-sante-le-carnet-de-sante-numerique-de-tous-les-citoyens\">Mon espace sant\u00e9<\/a>\u00a0\u00bb. Il permet aux professionnels comme aux usagers de renseigner les vaccinations r\u00e9alis\u00e9es et de connaitre les prochaines vaccinations pr\u00e9vues selon l\u2019\u00e2ge.<\/p>\t\t\t\t\t\t\t\t<\/div>\n\t\t\t\t<\/div>\n\t\t\t\t\t<\/div>\n\t\t<\/div>\n\t\t\t\t\t<\/div>\n\t\t<\/section>\n\t\t\t\t<section class=\"elementor-section elementor-top-section elementor-element elementor-element-4556327 elementor-section-boxed elementor-section-height-default elementor-section-height-default\" data-id=\"4556327\" data-element_type=\"section\" data-e-type=\"section\">\n\t\t\t\t\t\t<div class=\"elementor-container elementor-column-gap-default\">\n\t\t\t\t\t<div class=\"elementor-column elementor-col-100 elementor-top-column elementor-element elementor-element-954cd77\" data-id=\"954cd77\" data-element_type=\"column\" data-e-type=\"column\">\n\t\t\t<div class=\"elementor-widget-wrap elementor-element-populated\">\n\t\t\t\t\t\t<div class=\"elementor-element elementor-element-0a38c6b elementor-widget elementor-widget-spacer\" data-id=\"0a38c6b\" data-element_type=\"widget\" data-e-type=\"widget\" data-widget_type=\"spacer.default\">\n\t\t\t\t<div class=\"elementor-widget-container\">\n\t\t\t\t\t\t\t<div class=\"elementor-spacer\">\n\t\t\t<div class=\"elementor-spacer-inner\"><\/div>\n\t\t<\/div>\n\t\t\t\t\t\t<\/div>\n\t\t\t\t<\/div>\n\t\t\t\t\t<\/div>\n\t\t<\/div>\n\t\t\t\t\t<\/div>\n\t\t<\/section>\n\t\t\t\t<section class=\"elementor-section elementor-top-section elementor-element elementor-element-2cb248e elementor-section-boxed elementor-section-height-default elementor-section-height-default\" data-id=\"2cb248e\" data-element_type=\"section\" data-e-type=\"section\">\n\t\t\t\t\t\t<div class=\"elementor-container elementor-column-gap-default\">\n\t\t\t\t\t<div class=\"elementor-column elementor-col-100 elementor-top-column elementor-element elementor-element-c0aa369\" data-id=\"c0aa369\" data-element_type=\"column\" data-e-type=\"column\">\n\t\t\t<div class=\"elementor-widget-wrap elementor-element-populated\">\n\t\t\t\t\t\t<div class=\"elementor-element elementor-element-9d313dd elementor-widget elementor-widget-text-editor\" data-id=\"9d313dd\" data-element_type=\"widget\" data-e-type=\"widget\" data-widget_type=\"text-editor.default\">\n\t\t\t\t<div class=\"elementor-widget-container\">\n\t\t\t\t\t\t\t\t\t<h3><b>Pour savoir quel vaccin vous devez faire, en fonction de votre \u00e2ge :<\/b><\/h3>\t\t\t\t\t\t\t\t<\/div>\n\t\t\t\t<\/div>\n\t\t\t\t\t<\/div>\n\t\t<\/div>\n\t\t\t\t\t<\/div>\n\t\t<\/section>\n\t\t\t\t<section class=\"elementor-section elementor-top-section elementor-element elementor-element-bd68514 elementor-section-boxed elementor-section-height-default elementor-section-height-default\" data-id=\"bd68514\" data-element_type=\"section\" data-e-type=\"section\">\n\t\t\t\t\t\t<div class=\"elementor-container elementor-column-gap-default\">\n\t\t\t\t\t<div class=\"elementor-column elementor-col-100 elementor-top-column elementor-element elementor-element-ad59a4a\" data-id=\"ad59a4a\" data-element_type=\"column\" data-e-type=\"column\">\n\t\t\t<div class=\"elementor-widget-wrap elementor-element-populated\">\n\t\t\t\t\t\t<div class=\"elementor-element elementor-element-1cf53d4 elementor-widget elementor-widget-heading\" data-id=\"1cf53d4\" data-element_type=\"widget\" data-e-type=\"widget\" data-widget_type=\"heading.default\">\n\t\t\t\t<div class=\"elementor-widget-container\">\n\t\t\t\t\t<h2 class=\"elementor-heading-title elementor-size-default\">Calendrier des vaccinations\n<\/h2>\t\t\t\t<\/div>\n\t\t\t\t<\/div>\n\t\t\t\t\t<\/div>\n\t\t<\/div>\n\t\t\t\t\t<\/div>\n\t\t<\/section>\n\t\t\t\t<section class=\"elementor-section elementor-top-section elementor-element elementor-element-f26f6a1 elementor-section-boxed elementor-section-height-default elementor-section-height-default\" data-id=\"f26f6a1\" data-element_type=\"section\" data-e-type=\"section\">\n\t\t\t\t\t\t<div class=\"elementor-container elementor-column-gap-default\">\n\t\t\t\t\t<div class=\"elementor-column elementor-col-100 elementor-top-column elementor-element elementor-element-f5988f6\" data-id=\"f5988f6\" data-element_type=\"column\" data-e-type=\"column\">\n\t\t\t<div class=\"elementor-widget-wrap elementor-element-populated\">\n\t\t\t\t\t\t<div class=\"elementor-element elementor-element-215ec1c elementor-widget elementor-widget-image\" data-id=\"215ec1c\" data-element_type=\"widget\" data-e-type=\"widget\" data-widget_type=\"image.default\">\n\t\t\t\t<div class=\"elementor-widget-container\">\n\t\t\t\t\t\t\t\t\t\t\t\t\t\t\t\t<a href=\"https:\/\/pole-de-sante-egreville.fr\/wp-content\/uploads\/2025\/07\/frise-vaccinale-2025.jpg\" data-elementor-open-lightbox=\"yes\" data-elementor-lightbox-title=\"frise vaccinale 2025\" data-e-action-hash=\"#elementor-action%3Aaction%3Dlightbox%26settings%3DeyJpZCI6OTgxLCJ1cmwiOiJodHRwczpcL1wvcG9sZS1kZS1zYW50ZS1lZ3JldmlsbGUuZnJcL3dwLWNvbnRlbnRcL3VwbG9hZHNcLzIwMjVcLzA3XC9mcmlzZS12YWNjaW5hbGUtMjAyNS5qcGcifQ%3D%3D\">\n\t\t\t\t\t\t\t<img fetchpriority=\"high\" decoding=\"async\" width=\"752\" height=\"370\" src=\"https:\/\/pole-de-sante-egreville.fr\/wp-content\/uploads\/2025\/07\/frise-vaccinale-2025-1024x504.jpg\" class=\"attachment-large size-large wp-image-981\" alt=\"\" srcset=\"https:\/\/pole-de-sante-egreville.fr\/wp-content\/uploads\/2025\/07\/frise-vaccinale-2025-1024x504.jpg 1024w, https:\/\/pole-de-sante-egreville.fr\/wp-content\/uploads\/2025\/07\/frise-vaccinale-2025-300x148.jpg 300w, https:\/\/pole-de-sante-egreville.fr\/wp-content\/uploads\/2025\/07\/frise-vaccinale-2025-768x378.jpg 768w, https:\/\/pole-de-sante-egreville.fr\/wp-content\/uploads\/2025\/07\/frise-vaccinale-2025-1536x756.jpg 1536w, https:\/\/pole-de-sante-egreville.fr\/wp-content\/uploads\/2025\/07\/frise-vaccinale-2025-2048x1008.jpg 2048w, https:\/\/pole-de-sante-egreville.fr\/wp-content\/uploads\/2025\/07\/frise-vaccinale-2025-100x49.jpg 100w, https:\/\/pole-de-sante-egreville.fr\/wp-content\/uploads\/2025\/07\/frise-vaccinale-2025-150x74.jpg 150w, https:\/\/pole-de-sante-egreville.fr\/wp-content\/uploads\/2025\/07\/frise-vaccinale-2025-200x98.jpg 200w, https:\/\/pole-de-sante-egreville.fr\/wp-content\/uploads\/2025\/07\/frise-vaccinale-2025-450x222.jpg 450w, https:\/\/pole-de-sante-egreville.fr\/wp-content\/uploads\/2025\/07\/frise-vaccinale-2025-600x295.jpg 600w, https:\/\/pole-de-sante-egreville.fr\/wp-content\/uploads\/2025\/07\/frise-vaccinale-2025-900x443.jpg 900w\" sizes=\"(max-width: 752px) 100vw, 752px\" \/>\t\t\t\t\t\t\t\t<\/a>\n\t\t\t\t\t\t\t\t\t\t\t\t\t\t\t<\/div>\n\t\t\t\t<\/div>\n\t\t\t\t\t<\/div>\n\t\t<\/div>\n\t\t\t\t\t<\/div>\n\t\t<\/section>\n\t\t\t\t<\/div>\n\t\t","protected":false},"excerpt":{"rendered":"<p>Points-cl\u00e9s sur les nouveaut\u00e9s du calendrier des vaccinations 2023 \u2013\u00a0La vaccination contre les Rotavirus est d\u00e9sormais recommand\u00e9e chez l\u2019ensemble des nourrissons, selon un sch\u00e9ma vaccinal \u00e0 deux doses (\u00e0 2 et 3 mois de vie) pour le vaccin Rotarix\u00ae et &hellip;<\/p>\n<p class=\"read-more\"> <a class=\"more-link\" href=\"https:\/\/pole-de-sante-egreville.fr\/?page_id=346\"> <span class=\"screen-reader-text\">Recommandations vaccinales<\/span> Read More &raquo;<\/a><\/p>\n","protected":false},"author":1,"featured_media":0,"parent":0,"menu_order":0,"comment_status":"closed","ping_status":"closed","template":"","meta":{"footnotes":""},"class_list":["post-346","page","type-page","status-publish","hentry"],"yoast_head":"<!-- This site is optimized with the Yoast SEO plugin v27.5 - https:\/\/yoast.com\/product\/yoast-seo-wordpress\/ -->\n<title>Recommandations vaccinales - P\u00f4le de Sant\u00e9 d&#039;Egreville<\/title>\n<meta name=\"robots\" content=\"index, follow, max-snippet:-1, max-image-preview:large, max-video-preview:-1\" \/>\n<link rel=\"canonical\" href=\"https:\/\/pole-de-sante-egreville.fr\/?page_id=346\" \/>\n<meta property=\"og:locale\" content=\"fr_FR\" \/>\n<meta property=\"og:type\" content=\"article\" \/>\n<meta property=\"og:title\" content=\"Recommandations vaccinales - P\u00f4le de Sant\u00e9 d&#039;Egreville\" \/>\n<meta property=\"og:description\" content=\"Points-cl\u00e9s sur les nouveaut\u00e9s du calendrier des vaccinations 2023 \u2013\u00a0La vaccination contre les Rotavirus est d\u00e9sormais recommand\u00e9e chez l\u2019ensemble des nourrissons, selon un sch\u00e9ma vaccinal \u00e0 deux doses (\u00e0 2 et 3 mois de vie) pour le vaccin Rotarix\u00ae et &hellip; Recommandations vaccinales Read More &raquo;\" \/>\n<meta property=\"og:url\" content=\"https:\/\/pole-de-sante-egreville.fr\/?page_id=346\" \/>\n<meta property=\"og:site_name\" content=\"P\u00f4le de Sant\u00e9 d&#039;Egreville\" \/>\n<meta property=\"article:modified_time\" content=\"2025-07-12T09:15:36+00:00\" \/>\n<meta property=\"og:image\" content=\"https:\/\/pole-de-sante-egreville.fr\/wp-content\/uploads\/2025\/07\/frise-vaccinale-2025.jpg\" \/>\n\t<meta property=\"og:image:width\" content=\"2125\" \/>\n\t<meta property=\"og:image:height\" content=\"1046\" \/>\n\t<meta property=\"og:image:type\" content=\"image\/jpeg\" \/>\n<meta name=\"twitter:card\" content=\"summary_large_image\" \/>\n<meta name=\"twitter:label1\" content=\"Dur\u00e9e de lecture estim\u00e9e\" \/>\n\t<meta name=\"twitter:data1\" content=\"3 minutes\" \/>\n<script type=\"application\/ld+json\" class=\"yoast-schema-graph\">{\"@context\":\"https:\\\/\\\/schema.org\",\"@graph\":[{\"@type\":\"WebPage\",\"@id\":\"https:\\\/\\\/pole-de-sante-egreville.fr\\\/?page_id=346\",\"url\":\"https:\\\/\\\/pole-de-sante-egreville.fr\\\/?page_id=346\",\"name\":\"Recommandations vaccinales - P\u00f4le de Sant\u00e9 d&#039;Egreville\",\"isPartOf\":{\"@id\":\"https:\\\/\\\/pole-de-sante-egreville.fr\\\/#website\"},\"primaryImageOfPage\":{\"@id\":\"https:\\\/\\\/pole-de-sante-egreville.fr\\\/?page_id=346#primaryimage\"},\"image\":{\"@id\":\"https:\\\/\\\/pole-de-sante-egreville.fr\\\/?page_id=346#primaryimage\"},\"thumbnailUrl\":\"https:\\\/\\\/pole-de-sante-egreville.fr\\\/wp-content\\\/uploads\\\/2025\\\/07\\\/frise-vaccinale-2025-1024x504.jpg\",\"datePublished\":\"2022-11-16T10:59:10+00:00\",\"dateModified\":\"2025-07-12T09:15:36+00:00\",\"breadcrumb\":{\"@id\":\"https:\\\/\\\/pole-de-sante-egreville.fr\\\/?page_id=346#breadcrumb\"},\"inLanguage\":\"fr-FR\",\"potentialAction\":[{\"@type\":\"ReadAction\",\"target\":[\"https:\\\/\\\/pole-de-sante-egreville.fr\\\/?page_id=346\"]}]},{\"@type\":\"ImageObject\",\"inLanguage\":\"fr-FR\",\"@id\":\"https:\\\/\\\/pole-de-sante-egreville.fr\\\/?page_id=346#primaryimage\",\"url\":\"https:\\\/\\\/pole-de-sante-egreville.fr\\\/wp-content\\\/uploads\\\/2025\\\/07\\\/frise-vaccinale-2025.jpg\",\"contentUrl\":\"https:\\\/\\\/pole-de-sante-egreville.fr\\\/wp-content\\\/uploads\\\/2025\\\/07\\\/frise-vaccinale-2025.jpg\",\"width\":2125,\"height\":1046},{\"@type\":\"BreadcrumbList\",\"@id\":\"https:\\\/\\\/pole-de-sante-egreville.fr\\\/?page_id=346#breadcrumb\",\"itemListElement\":[{\"@type\":\"ListItem\",\"position\":1,\"name\":\"Accueil\",\"item\":\"https:\\\/\\\/pole-de-sante-egreville.fr\\\/\"},{\"@type\":\"ListItem\",\"position\":2,\"name\":\"Recommandations vaccinales\"}]},{\"@type\":\"WebSite\",\"@id\":\"https:\\\/\\\/pole-de-sante-egreville.fr\\\/#website\",\"url\":\"https:\\\/\\\/pole-de-sante-egreville.fr\\\/\",\"name\":\"P\u00f4le de Sant\u00e9 d&#039;Egreville\",\"description\":\"M\u00e9dicaux et Param\u00e9dicaux\",\"publisher\":{\"@id\":\"https:\\\/\\\/pole-de-sante-egreville.fr\\\/#organization\"},\"alternateName\":\"Maison de Sant\u00e9 d'Egreville\",\"potentialAction\":[{\"@type\":\"SearchAction\",\"target\":{\"@type\":\"EntryPoint\",\"urlTemplate\":\"https:\\\/\\\/pole-de-sante-egreville.fr\\\/?s={search_term_string}\"},\"query-input\":{\"@type\":\"PropertyValueSpecification\",\"valueRequired\":true,\"valueName\":\"search_term_string\"}}],\"inLanguage\":\"fr-FR\"},{\"@type\":\"Organization\",\"@id\":\"https:\\\/\\\/pole-de-sante-egreville.fr\\\/#organization\",\"name\":\"P\u00f4le de Sant\u00e9 d&#039;Egreville\",\"url\":\"https:\\\/\\\/pole-de-sante-egreville.fr\\\/\",\"logo\":{\"@type\":\"ImageObject\",\"inLanguage\":\"fr-FR\",\"@id\":\"https:\\\/\\\/pole-de-sante-egreville.fr\\\/#\\\/schema\\\/logo\\\/image\\\/\",\"url\":\"https:\\\/\\\/pole-de-sante-egreville.fr\\\/wp-content\\\/uploads\\\/2022\\\/11\\\/pole-sante-1024x768-1.jpg\",\"contentUrl\":\"https:\\\/\\\/pole-de-sante-egreville.fr\\\/wp-content\\\/uploads\\\/2022\\\/11\\\/pole-sante-1024x768-1.jpg\",\"width\":1024,\"height\":768,\"caption\":\"P\u00f4le de Sant\u00e9 d&#039;Egreville\"},\"image\":{\"@id\":\"https:\\\/\\\/pole-de-sante-egreville.fr\\\/#\\\/schema\\\/logo\\\/image\\\/\"}}]}<\/script>\n<!-- \/ Yoast SEO plugin. -->","yoast_head_json":{"title":"Recommandations vaccinales - P\u00f4le de Sant\u00e9 d&#039;Egreville","robots":{"index":"index","follow":"follow","max-snippet":"max-snippet:-1","max-image-preview":"max-image-preview:large","max-video-preview":"max-video-preview:-1"},"canonical":"https:\/\/pole-de-sante-egreville.fr\/?page_id=346","og_locale":"fr_FR","og_type":"article","og_title":"Recommandations vaccinales - P\u00f4le de Sant\u00e9 d&#039;Egreville","og_description":"Points-cl\u00e9s sur les nouveaut\u00e9s du calendrier des vaccinations 2023 \u2013\u00a0La vaccination contre les Rotavirus est d\u00e9sormais recommand\u00e9e chez l\u2019ensemble des nourrissons, selon un sch\u00e9ma vaccinal \u00e0 deux doses (\u00e0 2 et 3 mois de vie) pour le vaccin Rotarix\u00ae et &hellip; Recommandations vaccinales Read More &raquo;","og_url":"https:\/\/pole-de-sante-egreville.fr\/?page_id=346","og_site_name":"P\u00f4le de Sant\u00e9 d&#039;Egreville","article_modified_time":"2025-07-12T09:15:36+00:00","og_image":[{"width":2125,"height":1046,"url":"https:\/\/pole-de-sante-egreville.fr\/wp-content\/uploads\/2025\/07\/frise-vaccinale-2025.jpg","type":"image\/jpeg"}],"twitter_card":"summary_large_image","twitter_misc":{"Dur\u00e9e de lecture estim\u00e9e":"3 minutes"},"schema":{"@context":"https:\/\/schema.org","@graph":[{"@type":"WebPage","@id":"https:\/\/pole-de-sante-egreville.fr\/?page_id=346","url":"https:\/\/pole-de-sante-egreville.fr\/?page_id=346","name":"Recommandations vaccinales - P\u00f4le de Sant\u00e9 d&#039;Egreville","isPartOf":{"@id":"https:\/\/pole-de-sante-egreville.fr\/#website"},"primaryImageOfPage":{"@id":"https:\/\/pole-de-sante-egreville.fr\/?page_id=346#primaryimage"},"image":{"@id":"https:\/\/pole-de-sante-egreville.fr\/?page_id=346#primaryimage"},"thumbnailUrl":"https:\/\/pole-de-sante-egreville.fr\/wp-content\/uploads\/2025\/07\/frise-vaccinale-2025-1024x504.jpg","datePublished":"2022-11-16T10:59:10+00:00","dateModified":"2025-07-12T09:15:36+00:00","breadcrumb":{"@id":"https:\/\/pole-de-sante-egreville.fr\/?page_id=346#breadcrumb"},"inLanguage":"fr-FR","potentialAction":[{"@type":"ReadAction","target":["https:\/\/pole-de-sante-egreville.fr\/?page_id=346"]}]},{"@type":"ImageObject","inLanguage":"fr-FR","@id":"https:\/\/pole-de-sante-egreville.fr\/?page_id=346#primaryimage","url":"https:\/\/pole-de-sante-egreville.fr\/wp-content\/uploads\/2025\/07\/frise-vaccinale-2025.jpg","contentUrl":"https:\/\/pole-de-sante-egreville.fr\/wp-content\/uploads\/2025\/07\/frise-vaccinale-2025.jpg","width":2125,"height":1046},{"@type":"BreadcrumbList","@id":"https:\/\/pole-de-sante-egreville.fr\/?page_id=346#breadcrumb","itemListElement":[{"@type":"ListItem","position":1,"name":"Accueil","item":"https:\/\/pole-de-sante-egreville.fr\/"},{"@type":"ListItem","position":2,"name":"Recommandations vaccinales"}]},{"@type":"WebSite","@id":"https:\/\/pole-de-sante-egreville.fr\/#website","url":"https:\/\/pole-de-sante-egreville.fr\/","name":"P\u00f4le de Sant\u00e9 d&#039;Egreville","description":"M\u00e9dicaux et Param\u00e9dicaux","publisher":{"@id":"https:\/\/pole-de-sante-egreville.fr\/#organization"},"alternateName":"Maison de Sant\u00e9 d'Egreville","potentialAction":[{"@type":"SearchAction","target":{"@type":"EntryPoint","urlTemplate":"https:\/\/pole-de-sante-egreville.fr\/?s={search_term_string}"},"query-input":{"@type":"PropertyValueSpecification","valueRequired":true,"valueName":"search_term_string"}}],"inLanguage":"fr-FR"},{"@type":"Organization","@id":"https:\/\/pole-de-sante-egreville.fr\/#organization","name":"P\u00f4le de Sant\u00e9 d&#039;Egreville","url":"https:\/\/pole-de-sante-egreville.fr\/","logo":{"@type":"ImageObject","inLanguage":"fr-FR","@id":"https:\/\/pole-de-sante-egreville.fr\/#\/schema\/logo\/image\/","url":"https:\/\/pole-de-sante-egreville.fr\/wp-content\/uploads\/2022\/11\/pole-sante-1024x768-1.jpg","contentUrl":"https:\/\/pole-de-sante-egreville.fr\/wp-content\/uploads\/2022\/11\/pole-sante-1024x768-1.jpg","width":1024,"height":768,"caption":"P\u00f4le de Sant\u00e9 d&#039;Egreville"},"image":{"@id":"https:\/\/pole-de-sante-egreville.fr\/#\/schema\/logo\/image\/"}}]}},"_links":{"self":[{"href":"https:\/\/pole-de-sante-egreville.fr\/index.php?rest_route=\/wp\/v2\/pages\/346","targetHints":{"allow":["GET"]}}],"collection":[{"href":"https:\/\/pole-de-sante-egreville.fr\/index.php?rest_route=\/wp\/v2\/pages"}],"about":[{"href":"https:\/\/pole-de-sante-egreville.fr\/index.php?rest_route=\/wp\/v2\/types\/page"}],"author":[{"embeddable":true,"href":"https:\/\/pole-de-sante-egreville.fr\/index.php?rest_route=\/wp\/v2\/users\/1"}],"replies":[{"embeddable":true,"href":"https:\/\/pole-de-sante-egreville.fr\/index.php?rest_route=%2Fwp%2Fv2%2Fcomments&post=346"}],"version-history":[{"count":22,"href":"https:\/\/pole-de-sante-egreville.fr\/index.php?rest_route=\/wp\/v2\/pages\/346\/revisions"}],"predecessor-version":[{"id":984,"href":"https:\/\/pole-de-sante-egreville.fr\/index.php?rest_route=\/wp\/v2\/pages\/346\/revisions\/984"}],"wp:attachment":[{"href":"https:\/\/pole-de-sante-egreville.fr\/index.php?rest_route=%2Fwp%2Fv2%2Fmedia&parent=346"}],"curies":[{"name":"wp","href":"https:\/\/api.w.org\/{rel}","templated":true}]}}