{"id":175,"date":"2022-11-14T15:19:26","date_gmt":"2022-11-14T15:19:26","guid":{"rendered":"https:\/\/pole-de-sante-egreville.fr\/?page_id=175"},"modified":"2023-09-07T09:19:41","modified_gmt":"2023-09-07T09:19:41","slug":"orthophoniste","status":"publish","type":"page","link":"https:\/\/pole-de-sante-egreville.fr\/?page_id=175","title":{"rendered":"Orthophoniste"},"content":{"rendered":"\t\t<div data-elementor-type=\"wp-page\" data-elementor-id=\"175\" class=\"elementor elementor-175\">\n\t\t\t\t\t\t<section class=\"elementor-section elementor-top-section elementor-element elementor-element-d55d241 elementor-section-boxed elementor-section-height-default elementor-section-height-default\" data-id=\"d55d241\" data-element_type=\"section\" data-e-type=\"section\">\n\t\t\t\t\t\t<div class=\"elementor-container elementor-column-gap-default\">\n\t\t\t\t\t<div class=\"elementor-column elementor-col-100 elementor-top-column elementor-element elementor-element-e4a357e\" data-id=\"e4a357e\" data-element_type=\"column\" data-e-type=\"column\">\n\t\t\t<div class=\"elementor-widget-wrap elementor-element-populated\">\n\t\t\t\t\t\t<div class=\"elementor-element elementor-element-0533911 elementor-widget elementor-widget-heading\" data-id=\"0533911\" data-element_type=\"widget\" data-e-type=\"widget\" data-widget_type=\"heading.default\">\n\t\t\t\t<div class=\"elementor-widget-container\">\n\t\t\t\t\t<h2 class=\"elementor-heading-title elementor-size-default\"><h2 class=\"elementor-heading-title elementor-size-default\" style=\"font-style: normal;font-weight: var( --e-global-typography-primary-font-weight );font-family: var( --e-global-typography-primary-font-family ), Sans-serif;text-transform: none;white-space: normal\">Malorie Goimbault<\/h2><\/h2>\t\t\t\t<\/div>\n\t\t\t\t<\/div>\n\t\t\t\t\t<\/div>\n\t\t<\/div>\n\t\t\t\t\t<\/div>\n\t\t<\/section>\n\t\t\t\t<section class=\"elementor-section elementor-top-section elementor-element elementor-element-1d689b5 elementor-section-boxed elementor-section-height-default elementor-section-height-default\" data-id=\"1d689b5\" data-element_type=\"section\" data-e-type=\"section\">\n\t\t\t\t\t\t<div class=\"elementor-container elementor-column-gap-default\">\n\t\t\t\t\t<div class=\"elementor-column elementor-col-100 elementor-top-column elementor-element elementor-element-db460b8\" data-id=\"db460b8\" data-element_type=\"column\" data-e-type=\"column\">\n\t\t\t<div class=\"elementor-widget-wrap elementor-element-populated\">\n\t\t\t\t\t\t<div class=\"elementor-element elementor-element-9644381 elementor-widget elementor-widget-text-editor\" data-id=\"9644381\" data-element_type=\"widget\" data-e-type=\"widget\" data-widget_type=\"text-editor.default\">\n\t\t\t\t<div class=\"elementor-widget-container\">\n\t\t\t\t\t\t\t\t\t<p>L\u2019orthophonie consiste \u00e0 pr\u00e9venir, \u00e0 \u00e9valuer et \u00e0 traiter les difficult\u00e9s ou troubles:\u00a0<\/p><div><ul><li>du langage oral et \u00e9crit et de la communication,\u00a0<\/li><li>des fonctions oro-myo-faciales,<\/li><li>des autres activit\u00e9s cognitives dont celles li\u00e9es \u00e0 la phonation, \u00e0 la parole, au langage oral et \u00e9crit, \u00e0 la cognition math\u00e9matique.\u00a0<\/li><\/ul><div>Elle consiste \u00e9galement \u00e0 maintenir les fonctions de communication et de l\u2019oralit\u00e9 dans les pathologies d\u00e9g\u00e9n\u00e9ratives et neuro-d\u00e9g\u00e9n\u00e9ratives et \u00e0 dispenser l\u2019apprentissage d\u2019autres formes de communication non verbale permettant de compl\u00e9ter ou de suppl\u00e9er les fonctions verbales.\u00a0<\/div><\/div><div>\u00a0<\/div><div>L\u2019orthophonie s\u2019int\u00e9resse \u00e9galement \u00e0 toutes les alt\u00e9rations de la sph\u00e8re oro-faciale sur les plans moteur, sensitif et physiologique, ce qui recouvre toutes les alt\u00e9rations de phon\u00e8mes, les dysfonctions linguales, les troubles des modes respiratoires, la dysphagie, les troubles observ\u00e9s dans les paralysies faciales et les dysfonctionnement de l\u2019appareil manducateur.\u00a0<\/div><div>\u00a0<\/div><div><strong>Coordonn\u00e9es:\u00a0<\/strong><\/div><div><strong>06.33.64.37.70<\/strong><\/div><div><strong>\u00a0<\/strong><\/div><div><strong>Horaires :\u00a0\u00a0<\/strong><\/div><div><strong>Consultations le lundi, mardi, jeudi et vendredi uniquement sur rendez-vous.\u00a0<\/strong><\/div><div><b>Pour prendre rendez-vous inscription sur la liste d&rsquo;attente du cabinet &gt;&gt;&gt; <a href=\"https:\/\/docorga.com\/praticien\/64f1dc735821aadd2919223d\" target=\"_blank\" rel=\"noopener\">ICI<\/a><\/b><\/div><div>\u00a0<\/div><div>Quelques sites:\u00a0<\/div><div><ul><li><a href=\"https:\/\/www.allo-ortho.com\/\" target=\"_blank\" rel=\"noopener\" data-saferedirecturl=\"https:\/\/www.google.com\/url?q=https:\/\/www.allo-ortho.com\/&amp;source=gmail&amp;ust=1611930734057000&amp;usg=AFQjCNHUU-Ef_UsYzui5cEMg-MQlZOZp8A\">Allo Ortho \u2022 Vous vous interrogez : Allo Ortho r\u00e9pond (allo-ortho.com)<\/a><\/li><li><a href=\"https:\/\/www.fno-prevention-orthophonie.fr\/\" target=\"_blank\" rel=\"noopener\" data-saferedirecturl=\"https:\/\/www.google.com\/url?q=https:\/\/www.fno-prevention-orthophonie.fr\/&amp;source=gmail&amp;ust=1611930734057000&amp;usg=AFQjCNGNWvCNGBafFc6xEprLOUZMFtK8rg\">FNO Pr\u00e9vention \u2013 Accueil (fno-prevention-orthophonie.<wbr \/>fr)<\/a><\/li><\/ul><\/div>\t\t\t\t\t\t\t\t<\/div>\n\t\t\t\t<\/div>\n\t\t\t\t\t<\/div>\n\t\t<\/div>\n\t\t\t\t\t<\/div>\n\t\t<\/section>\n\t\t\t\t<\/div>\n\t\t","protected":false},"excerpt":{"rendered":"<p>Malorie Goimbault L\u2019orthophonie consiste \u00e0 pr\u00e9venir, \u00e0 \u00e9valuer et \u00e0 traiter les difficult\u00e9s ou troubles:\u00a0 du langage oral et \u00e9crit et de la communication,\u00a0 des fonctions oro-myo-faciales, des autres activit\u00e9s cognitives dont celles li\u00e9es \u00e0 la phonation, \u00e0 la parole, &hellip;<\/p>\n<p class=\"read-more\"> <a class=\"more-link\" href=\"https:\/\/pole-de-sante-egreville.fr\/?page_id=175\"> <span class=\"screen-reader-text\">Orthophoniste<\/span> Read More &raquo;<\/a><\/p>\n","protected":false},"author":1,"featured_media":0,"parent":0,"menu_order":0,"comment_status":"closed","ping_status":"closed","template":"","meta":{"footnotes":""},"class_list":["post-175","page","type-page","status-publish","hentry"],"yoast_head":"<!-- This site is optimized with the Yoast SEO plugin v27.5 - https:\/\/yoast.com\/product\/yoast-seo-wordpress\/ -->\n<title>Orthophoniste - P\u00f4le de Sant\u00e9 d&#039;Egreville<\/title>\n<meta name=\"robots\" content=\"index, follow, max-snippet:-1, max-image-preview:large, max-video-preview:-1\" \/>\n<link rel=\"canonical\" href=\"https:\/\/pole-de-sante-egreville.fr\/?page_id=175\" \/>\n<meta property=\"og:locale\" content=\"fr_FR\" \/>\n<meta property=\"og:type\" content=\"article\" \/>\n<meta property=\"og:title\" content=\"Orthophoniste - P\u00f4le de Sant\u00e9 d&#039;Egreville\" \/>\n<meta property=\"og:description\" content=\"Malorie Goimbault L\u2019orthophonie consiste \u00e0 pr\u00e9venir, \u00e0 \u00e9valuer et \u00e0 traiter les difficult\u00e9s ou troubles:\u00a0 du langage oral et \u00e9crit et de la communication,\u00a0 des fonctions oro-myo-faciales, des autres activit\u00e9s cognitives dont celles li\u00e9es \u00e0 la phonation, \u00e0 la parole, &hellip; Orthophoniste Read More &raquo;\" \/>\n<meta property=\"og:url\" content=\"https:\/\/pole-de-sante-egreville.fr\/?page_id=175\" \/>\n<meta property=\"og:site_name\" content=\"P\u00f4le de Sant\u00e9 d&#039;Egreville\" \/>\n<meta property=\"article:modified_time\" content=\"2023-09-07T09:19:41+00:00\" \/>\n<meta name=\"twitter:card\" content=\"summary_large_image\" \/>\n<meta name=\"twitter:label1\" content=\"Dur\u00e9e de lecture estim\u00e9e\" \/>\n\t<meta name=\"twitter:data1\" content=\"1 minute\" \/>\n<script type=\"application\/ld+json\" class=\"yoast-schema-graph\">{\"@context\":\"https:\\\/\\\/schema.org\",\"@graph\":[{\"@type\":\"WebPage\",\"@id\":\"https:\\\/\\\/pole-de-sante-egreville.fr\\\/?page_id=175\",\"url\":\"https:\\\/\\\/pole-de-sante-egreville.fr\\\/?page_id=175\",\"name\":\"Orthophoniste - P\u00f4le de Sant\u00e9 d&#039;Egreville\",\"isPartOf\":{\"@id\":\"https:\\\/\\\/pole-de-sante-egreville.fr\\\/#website\"},\"datePublished\":\"2022-11-14T15:19:26+00:00\",\"dateModified\":\"2023-09-07T09:19:41+00:00\",\"breadcrumb\":{\"@id\":\"https:\\\/\\\/pole-de-sante-egreville.fr\\\/?page_id=175#breadcrumb\"},\"inLanguage\":\"fr-FR\",\"potentialAction\":[{\"@type\":\"ReadAction\",\"target\":[\"https:\\\/\\\/pole-de-sante-egreville.fr\\\/?page_id=175\"]}]},{\"@type\":\"BreadcrumbList\",\"@id\":\"https:\\\/\\\/pole-de-sante-egreville.fr\\\/?page_id=175#breadcrumb\",\"itemListElement\":[{\"@type\":\"ListItem\",\"position\":1,\"name\":\"Accueil\",\"item\":\"https:\\\/\\\/pole-de-sante-egreville.fr\\\/\"},{\"@type\":\"ListItem\",\"position\":2,\"name\":\"Orthophoniste\"}]},{\"@type\":\"WebSite\",\"@id\":\"https:\\\/\\\/pole-de-sante-egreville.fr\\\/#website\",\"url\":\"https:\\\/\\\/pole-de-sante-egreville.fr\\\/\",\"name\":\"P\u00f4le de Sant\u00e9 d&#039;Egreville\",\"description\":\"M\u00e9dicaux et Param\u00e9dicaux\",\"publisher\":{\"@id\":\"https:\\\/\\\/pole-de-sante-egreville.fr\\\/#organization\"},\"alternateName\":\"Maison de Sant\u00e9 d'Egreville\",\"potentialAction\":[{\"@type\":\"SearchAction\",\"target\":{\"@type\":\"EntryPoint\",\"urlTemplate\":\"https:\\\/\\\/pole-de-sante-egreville.fr\\\/?s={search_term_string}\"},\"query-input\":{\"@type\":\"PropertyValueSpecification\",\"valueRequired\":true,\"valueName\":\"search_term_string\"}}],\"inLanguage\":\"fr-FR\"},{\"@type\":\"Organization\",\"@id\":\"https:\\\/\\\/pole-de-sante-egreville.fr\\\/#organization\",\"name\":\"P\u00f4le de Sant\u00e9 d&#039;Egreville\",\"url\":\"https:\\\/\\\/pole-de-sante-egreville.fr\\\/\",\"logo\":{\"@type\":\"ImageObject\",\"inLanguage\":\"fr-FR\",\"@id\":\"https:\\\/\\\/pole-de-sante-egreville.fr\\\/#\\\/schema\\\/logo\\\/image\\\/\",\"url\":\"https:\\\/\\\/pole-de-sante-egreville.fr\\\/wp-content\\\/uploads\\\/2022\\\/11\\\/pole-sante-1024x768-1.jpg\",\"contentUrl\":\"https:\\\/\\\/pole-de-sante-egreville.fr\\\/wp-content\\\/uploads\\\/2022\\\/11\\\/pole-sante-1024x768-1.jpg\",\"width\":1024,\"height\":768,\"caption\":\"P\u00f4le de Sant\u00e9 d&#039;Egreville\"},\"image\":{\"@id\":\"https:\\\/\\\/pole-de-sante-egreville.fr\\\/#\\\/schema\\\/logo\\\/image\\\/\"}}]}<\/script>\n<!-- \/ Yoast SEO plugin. -->","yoast_head_json":{"title":"Orthophoniste - P\u00f4le de Sant\u00e9 d&#039;Egreville","robots":{"index":"index","follow":"follow","max-snippet":"max-snippet:-1","max-image-preview":"max-image-preview:large","max-video-preview":"max-video-preview:-1"},"canonical":"https:\/\/pole-de-sante-egreville.fr\/?page_id=175","og_locale":"fr_FR","og_type":"article","og_title":"Orthophoniste - P\u00f4le de Sant\u00e9 d&#039;Egreville","og_description":"Malorie Goimbault L\u2019orthophonie consiste \u00e0 pr\u00e9venir, \u00e0 \u00e9valuer et \u00e0 traiter les difficult\u00e9s ou troubles:\u00a0 du langage oral et \u00e9crit et de la communication,\u00a0 des fonctions oro-myo-faciales, des autres activit\u00e9s cognitives dont celles li\u00e9es \u00e0 la phonation, \u00e0 la parole, &hellip; Orthophoniste Read More &raquo;","og_url":"https:\/\/pole-de-sante-egreville.fr\/?page_id=175","og_site_name":"P\u00f4le de Sant\u00e9 d&#039;Egreville","article_modified_time":"2023-09-07T09:19:41+00:00","twitter_card":"summary_large_image","twitter_misc":{"Dur\u00e9e de lecture estim\u00e9e":"1 minute"},"schema":{"@context":"https:\/\/schema.org","@graph":[{"@type":"WebPage","@id":"https:\/\/pole-de-sante-egreville.fr\/?page_id=175","url":"https:\/\/pole-de-sante-egreville.fr\/?page_id=175","name":"Orthophoniste - P\u00f4le de Sant\u00e9 d&#039;Egreville","isPartOf":{"@id":"https:\/\/pole-de-sante-egreville.fr\/#website"},"datePublished":"2022-11-14T15:19:26+00:00","dateModified":"2023-09-07T09:19:41+00:00","breadcrumb":{"@id":"https:\/\/pole-de-sante-egreville.fr\/?page_id=175#breadcrumb"},"inLanguage":"fr-FR","potentialAction":[{"@type":"ReadAction","target":["https:\/\/pole-de-sante-egreville.fr\/?page_id=175"]}]},{"@type":"BreadcrumbList","@id":"https:\/\/pole-de-sante-egreville.fr\/?page_id=175#breadcrumb","itemListElement":[{"@type":"ListItem","position":1,"name":"Accueil","item":"https:\/\/pole-de-sante-egreville.fr\/"},{"@type":"ListItem","position":2,"name":"Orthophoniste"}]},{"@type":"WebSite","@id":"https:\/\/pole-de-sante-egreville.fr\/#website","url":"https:\/\/pole-de-sante-egreville.fr\/","name":"P\u00f4le de Sant\u00e9 d&#039;Egreville","description":"M\u00e9dicaux et Param\u00e9dicaux","publisher":{"@id":"https:\/\/pole-de-sante-egreville.fr\/#organization"},"alternateName":"Maison de Sant\u00e9 d'Egreville","potentialAction":[{"@type":"SearchAction","target":{"@type":"EntryPoint","urlTemplate":"https:\/\/pole-de-sante-egreville.fr\/?s={search_term_string}"},"query-input":{"@type":"PropertyValueSpecification","valueRequired":true,"valueName":"search_term_string"}}],"inLanguage":"fr-FR"},{"@type":"Organization","@id":"https:\/\/pole-de-sante-egreville.fr\/#organization","name":"P\u00f4le de Sant\u00e9 d&#039;Egreville","url":"https:\/\/pole-de-sante-egreville.fr\/","logo":{"@type":"ImageObject","inLanguage":"fr-FR","@id":"https:\/\/pole-de-sante-egreville.fr\/#\/schema\/logo\/image\/","url":"https:\/\/pole-de-sante-egreville.fr\/wp-content\/uploads\/2022\/11\/pole-sante-1024x768-1.jpg","contentUrl":"https:\/\/pole-de-sante-egreville.fr\/wp-content\/uploads\/2022\/11\/pole-sante-1024x768-1.jpg","width":1024,"height":768,"caption":"P\u00f4le de Sant\u00e9 d&#039;Egreville"},"image":{"@id":"https:\/\/pole-de-sante-egreville.fr\/#\/schema\/logo\/image\/"}}]}},"_links":{"self":[{"href":"https:\/\/pole-de-sante-egreville.fr\/index.php?rest_route=\/wp\/v2\/pages\/175","targetHints":{"allow":["GET"]}}],"collection":[{"href":"https:\/\/pole-de-sante-egreville.fr\/index.php?rest_route=\/wp\/v2\/pages"}],"about":[{"href":"https:\/\/pole-de-sante-egreville.fr\/index.php?rest_route=\/wp\/v2\/types\/page"}],"author":[{"embeddable":true,"href":"https:\/\/pole-de-sante-egreville.fr\/index.php?rest_route=\/wp\/v2\/users\/1"}],"replies":[{"embeddable":true,"href":"https:\/\/pole-de-sante-egreville.fr\/index.php?rest_route=%2Fwp%2Fv2%2Fcomments&post=175"}],"version-history":[{"count":7,"href":"https:\/\/pole-de-sante-egreville.fr\/index.php?rest_route=\/wp\/v2\/pages\/175\/revisions"}],"predecessor-version":[{"id":703,"href":"https:\/\/pole-de-sante-egreville.fr\/index.php?rest_route=\/wp\/v2\/pages\/175\/revisions\/703"}],"wp:attachment":[{"href":"https:\/\/pole-de-sante-egreville.fr\/index.php?rest_route=%2Fwp%2Fv2%2Fmedia&parent=175"}],"curies":[{"name":"wp","href":"https:\/\/api.w.org\/{rel}","templated":true}]}}